{"id":280,"date":"2013-09-03T13:56:30","date_gmt":"2013-09-03T11:56:30","guid":{"rendered":"http:\/\/www.edition-rugerup.de\/?post_type=product&#038;p=280"},"modified":"2016-01-19T23:28:55","modified_gmt":"2016-01-19T22:28:55","slug":"bell-island-im-eismeer","status":"publish","type":"product","link":"https:\/\/www.edition-rugerup.de\/?product=bell-island-im-eismeer","title":{"rendered":"Bell Island im Eismeer"},"content":{"rendered":"<p>Ulrich Schacht erhielt insbesondere f\u00fcr diesen Band, aber auch f\u00fcr seine anderen B\u00fccher, den Eichendorff-Preis 2013. Schon der erste Gedichtband Ulrich Schachts, \u00bbTraumgefahr\u00ab, der 1981 bei Neske erschien, lie\u00df die Kritik aufhorchen. Die FAZ sprach von einem \u00bbbemerkenswerten Deb\u00fct, das eine bemerkenswerte Entwicklung\u00ab verspreche, der \u00bbRheinische Merkur\u00ab von einer Verssprache, die \u00bbbildkr\u00e4ftig und wirkm\u00e4chtig\u00ab sei, \u00bbDie Welt\u00ab lobte die \u00bbsichere und souver\u00e4ne\u00ab Handhabung der \u00bbpoetischen Sprache\u00ab des Autors. Schachts 1983 (\u00bbScherbespur\u00ab, Ammann) und 1990 (\u00bbLanzen im Eis\u00ab, DVA) folgende Gedichtsammlungen verst\u00e4rkten dieses Echo auf breiter Front. Die \u00bbS\u00fcddeutsche Zeitung\u00ab konstatierte: \u00bbdie formale und bilddenkende Weiterentwicklung beeindruckt\u00ab, es gel\u00e4nge dem Autor, \u00bbden Schmerz des geteilten Landes pers\u00f6nlich und repr\u00e4sentativ ins Andenken stiftende Gedicht zu fassen\u00ab. Die \u00bbNeue Z\u00fcrcher Zeitung\u00ab nannte den Autor einen \u00bbhochbegabten Lyriker\u00ab, der nicht nur \u00bbmit den Mitteln einer feinnervigen und bedachtsamen Sprache\u00ab arbeite, selten habe sich auch \u00bbein Ich innerhalb der Lyrik derart reduziert, um daf\u00fcr um so gr\u00f6\u00dferen Raum einer Natur zu g\u00f6nnen, die mit kraftvollen Zeichen auftritt\u00ab.<\/p>\n<p>\u00bbBell Island im Eismeer\u00ab, Ulrich Schachts neuer Gedichtband, der seine poetischen Arbeiten des vergangenen Jahrzehnts versammelt, dokumentiert zugleich die radikale Fortentwicklung dieses Ausgangspunktes, indem er Naturr\u00e4ume des Nordens zur Sprache kommen l\u00e4\u00dft, die bis in die \u00e4u\u00dfersten Weiten der europ\u00e4ischen Arktis von Gr\u00f6nland bis Ru\u00dfland reichen. Deutsche und franz\u00f6sische Germanisten haben diese Poesie als \u00bbinnovative Leistung\u00ab f\u00fcr die deutsche Naturlyrik qualifiziert, weil es Schacht mit ihr und ihren Motiven gel\u00e4nge, \u00bbdie schwieriger gewordene Autonomie von Subjekt, Natur und Kunst\u00ab mit \u00bbsprachlichen Strategien\u00ab einzufordern, \u00bbdie der Seinsweise des unwirklichen Naturraumes entsprechen\u00ab.<\/p>\n<p>Medienecho zu Buch und Eichendorff-Preis:<br \/>\n<a href=\"http:\/\/www.literaturundkunst.net\/annaherung-an-das-unfassbare-die-neue-anthologie-des-dichters-ulrich-schacht\/\" target=\"_blank\">Ann\u00e4herungen an das Unfassbare<\/a> (literaturundkunst.net)<br \/>\n<a href=\"http:\/\/lyrikzeitung.com\/2013\/04\/08\/36-eichendorff-preis-fur-ulrich-schacht\/\" target=\"_blank\">Eichendorff Preis f\u00fcr Ulrich Schacht<\/a> (lyrikzeitung.com)<br \/>\n<a href=\"http:\/\/www.neues-deutschland.de\/artikel\/214588.dein-unverlierbarer-name.html \" target=\"_blank\">Dein unverlierbarer Name<\/a> (neues-deutschland.de)<\/p>\n","protected":false},"excerpt":{"rendered":"<p id=\"price-and-shipping-details\">inkl. MwSt., zzgl. Versandkosten (Inland-Versandkosten = 0,00 \u20ac)<\/p>\n<p id=\"price-and-shipping-details\">Lieferzeit: 3-5 Werktage<\/p>\n<p>Ulrich Schacht<\/p>\n<p>Gedichte<\/p>\n<p>134 Seiten<br \/>\nEnglische Klappenbroschur<\/p>\n","protected":false},"featured_media":281,"comment_status":"closed","ping_status":"closed","template":"","meta":[],"product_brand":[],"product_cat":[15,332],"product_tag":[],"class_list":{"0":"post-280","1":"product","2":"type-product","3":"status-publish","4":"has-post-thumbnail","6":"product_cat-deutschsprachige-lyrik","7":"product_cat-lyrik","8":"pa_autor-schacht-ulrich","9":"pa_autorin-1951-geboren-aufgewachsen-in-der-hansestadt-wismar-grundschule-baeckerlehre-studium-der-evangelischen-theologie-in-rostock-und-erfurt-1973-verhaftung-und-verurteilung-aus-politischen-gruenden-zu","10":"pa_erscheinungsjahr-57","11":"pa_isbn-978-3-942955-09-6","13":"first","14":"instock","15":"shipping-taxable","16":"purchasable","17":"product-type-simple"},"_links":{"self":[{"href":"https:\/\/www.edition-rugerup.de\/index.php?rest_route=\/wp\/v2\/product\/280","targetHints":{"allow":["GET"]}}],"collection":[{"href":"https:\/\/www.edition-rugerup.de\/index.php?rest_route=\/wp\/v2\/product"}],"about":[{"href":"https:\/\/www.edition-rugerup.de\/index.php?rest_route=\/wp\/v2\/types\/product"}],"replies":[{"embeddable":true,"href":"https:\/\/www.edition-rugerup.de\/index.php?rest_route=%2Fwp%2Fv2%2Fcomments&post=280"}],"wp:featuredmedia":[{"embeddable":true,"href":"https:\/\/www.edition-rugerup.de\/index.php?rest_route=\/wp\/v2\/media\/281"}],"wp:attachment":[{"href":"https:\/\/www.edition-rugerup.de\/index.php?rest_route=%2Fwp%2Fv2%2Fmedia&parent=280"}],"wp:term":[{"taxonomy":"product_brand","embeddable":true,"href":"https:\/\/www.edition-rugerup.de\/index.php?rest_route=%2Fwp%2Fv2%2Fproduct_brand&post=280"},{"taxonomy":"product_cat","embeddable":true,"href":"https:\/\/www.edition-rugerup.de\/index.php?rest_route=%2Fwp%2Fv2%2Fproduct_cat&post=280"},{"taxonomy":"product_tag","embeddable":true,"href":"https:\/\/www.edition-rugerup.de\/index.php?rest_route=%2Fwp%2Fv2%2Fproduct_tag&post=280"}],"curies":[{"name":"wp","href":"https:\/\/api.w.org\/{rel}","templated":true}]}}