{"id":1472,"date":"2018-06-15T22:51:34","date_gmt":"2018-06-15T20:51:34","guid":{"rendered":"http:\/\/www.edition-rugerup.de\/?product=sappho-traeumt"},"modified":"2018-06-21T13:33:27","modified_gmt":"2018-06-21T11:33:27","slug":"sappho-traeumt","status":"publish","type":"product","link":"https:\/\/www.edition-rugerup.de\/?product=sappho-traeumt","title":{"rendered":"Sappho tr\u00e4umt"},"content":{"rendered":"<p>&nbsp;<\/p>\n<p>Gertrud Escher<\/p>\n<p>Ihr Lachen verbarg die Schl\u00fcfte,<br \/>\ndie in ihr klafften, damit die Kinder<br \/>\nnichts merkten und immer nahe<br \/>\nder Sonne spielten. Ihr Lachen<\/p>\n<p>verbarg auch die Angst vor der Bombe<br \/>\nim Garten, unter dem Kirschbaum,<br \/>\nvor allen verschwiegen, als h\u00e4tte<br \/>\nsie damit den Z\u00fcnder entsch\u00e4rft.<\/p>\n<p>Sie schweigt, und als sie einschl\u00e4ft,<br \/>\ngehalten von ihren S\u00f6hnen,<br \/>\nist das Lachen, im Gefieder<br \/>\ndie Angst, lange schon fort.<\/p>\n<p><em>Sappho tr\u00e4umt<\/em> &#8211; in dieser Gedichtsammlung tr\u00e4umt Sappho von einer zweiten Fahrt ins Exil. Auch andere Gedichte handeln vom Verlust des Bodens unter den F\u00fc\u00dfen. In dem Zyklus <em>Beckmanns Speicher<\/em> f\u00e4hrt Max Beckmann im Exil mit den Argonauten aus und kehrt mit ihnen und dem Goldenen Vlies zur\u00fcck.<br \/>\nAlso nicht nur vom Verlust, sondern auch einem neuen Halt, einer ver\u00e4nderten Haltung, nicht immer todernst, sondern oft mit Spott und Selbstironie sprechen die Figuren der Gedichte von ihrem Leben und Scheitern und von ihren Siegen.<\/p>\n<p>Der Dichter und \u00dcbersetzer Klaus Anders (*1952) hat au\u00dfer Kjartan Hatl\u00f8y und Ulrik Farestad f\u00fcr die Edition Rugerup Olav H. Hauges <em>Gesammelte Gedichte<\/em> und Tagebuchausz\u00fcge <em>Mein Leben war Traum\u00a0<\/em>\u00fcbertragen und kommentiert, \u00d8yvind Rimbereids <em>Herbarium<\/em> und als Mit-Herausgeber die Anthologie norwegischer Dichter <em>So schmeckt ein\u00a0<\/em><em>Stern<\/em>. <em>Sappho tr\u00e4umt<\/em> ist sein siebter Gedichtband. In der Edition Rugerup erschien 2014 sein Band <em>Wachtelzeit<\/em>.<\/p>\n","protected":false},"excerpt":{"rendered":"<p id=\"price-and-shipping-details\">inkl. MwSt., zzgl. Versandkosten (Inland-Versandkosten = 0,00 \u20ac)<\/p>\n<p id=\"price-and-shipping-details\">Lieferzeit: 3-5 Werktage<\/p>\n<p>Klaus Anders<\/p>\n<p>Gedichte. Franz. Broschur<\/p>\n","protected":false},"featured_media":1474,"comment_status":"closed","ping_status":"closed","template":"","meta":[],"product_brand":[],"product_cat":[15,332],"product_tag":[],"class_list":{"0":"post-1472","1":"product","2":"type-product","3":"status-publish","4":"has-post-thumbnail","6":"product_cat-deutschsprachige-lyrik","7":"product_cat-lyrik","8":"pa_autor-anders-klaus","9":"pa_erscheinungsjahr-387","10":"pa_isbn-978-3-942955-74-4","11":"pa_seiten-401","13":"first","14":"instock","15":"shipping-taxable","16":"purchasable","17":"product-type-simple"},"_links":{"self":[{"href":"https:\/\/www.edition-rugerup.de\/index.php?rest_route=\/wp\/v2\/product\/1472","targetHints":{"allow":["GET"]}}],"collection":[{"href":"https:\/\/www.edition-rugerup.de\/index.php?rest_route=\/wp\/v2\/product"}],"about":[{"href":"https:\/\/www.edition-rugerup.de\/index.php?rest_route=\/wp\/v2\/types\/product"}],"replies":[{"embeddable":true,"href":"https:\/\/www.edition-rugerup.de\/index.php?rest_route=%2Fwp%2Fv2%2Fcomments&post=1472"}],"wp:featuredmedia":[{"embeddable":true,"href":"https:\/\/www.edition-rugerup.de\/index.php?rest_route=\/wp\/v2\/media\/1474"}],"wp:attachment":[{"href":"https:\/\/www.edition-rugerup.de\/index.php?rest_route=%2Fwp%2Fv2%2Fmedia&parent=1472"}],"wp:term":[{"taxonomy":"product_brand","embeddable":true,"href":"https:\/\/www.edition-rugerup.de\/index.php?rest_route=%2Fwp%2Fv2%2Fproduct_brand&post=1472"},{"taxonomy":"product_cat","embeddable":true,"href":"https:\/\/www.edition-rugerup.de\/index.php?rest_route=%2Fwp%2Fv2%2Fproduct_cat&post=1472"},{"taxonomy":"product_tag","embeddable":true,"href":"https:\/\/www.edition-rugerup.de\/index.php?rest_route=%2Fwp%2Fv2%2Fproduct_tag&post=1472"}],"curies":[{"name":"wp","href":"https:\/\/api.w.org\/{rel}","templated":true}]}}