{"id":1396,"date":"2018-02-02T22:31:06","date_gmt":"2018-02-02T21:31:06","guid":{"rendered":"http:\/\/www.edition-rugerup.de\/?product=staub-sternepixel"},"modified":"2018-03-22T22:08:07","modified_gmt":"2018-03-22T21:08:07","slug":"staub-sternepixel","status":"publish","type":"product","link":"https:\/\/www.edition-rugerup.de\/?product=staub-sternepixel","title":{"rendered":"Staub, Sterne, Pixel"},"content":{"rendered":"<p>Ein Europa der Kriege und der Zerst\u00f6rung, aber auch der sch\u00f6pferischen Unruhe, die in unvergleichlichen Kunstwerken gipfelt: Ein junger Mujahed vermi\u00dft schmerzlich seinen Osloer Stadtteil Gr\u00f8nland, die Geschichte Polens scheint auf in Warschauer Notaten, Alltagsgedichte stehen neben Liebesges\u00e4ngen und der Totenmaske John Keats\u2019. Ein z\u00f6gernder Orpheus betrachtet Menschen in der Stra\u00dfenbahn und Prachtfassaden in Wien. Der Spatz in der Osterhaus-gate flattert vor Tizians Akt\u00e4on. Ulrik Farestad (*1984) ist Dichter, \u00dcbersetzer und Literaturwissenschaftler. Seine Gedichte \u201estellen die gro\u00dfen Fragen, in vollem Ernst, und das macht Ulrik Farestad zu einer Rara Avis, einem seltenen Vogel, in der norwegischen Literatur.\u201c (Henning N\u00e6ss)<\/p>\n<p>&nbsp;<\/p>\n<p>Alltagsszene I<br \/>\n<em>\u201e\u2026 nur Erde solle zur Erde werden.\u201c<\/em><br \/>\n\u2013 Gottfried Benn<br \/>\nIch gucke aus dem Fenster, als eben<br \/>\ndas M\u00fcllauto unten h\u00e4lt,<br \/>\nund einer der M\u00fcllm\u00e4nner hebt etwas auf,<br \/>\ndas aus einem der Beutel gefallen war \u2013<br \/>\neine Perlenkette.<br \/>\nEine billige Imitation, zweifellos.<br \/>\nDennoch putzt er die Perlen<br \/>\nund steckt die Kette in die Tasche. Wem<br \/>\nwird er sie schenken? Und f\u00fcr wen<br \/>\nhebe ich dieses Bild aus<br \/>\ndem schmutzigen \u00dcberflu\u00df des Tages auf,<br \/>\nals w\u00e4re es<br \/>\nso kostbar?<\/p>\n","protected":false},"excerpt":{"rendered":"<p id=\"price-and-shipping-details\">inkl. MwSt., zzgl. Versandkosten (Inland-Versandkosten = 0,00 \u20ac)<\/p>\n<p id=\"price-and-shipping-details\">Lieferzeit: 3-5 Werktage<\/p>\n<p>&nbsp;<\/p>\n<p>Gedichte. Aus dem\u00a0Norwegischen \u00fcbersetzt von\u00a0Klaus Anders.<br \/>\n80 Seiten.<\/p>\n","protected":false},"featured_media":1397,"comment_status":"closed","ping_status":"closed","template":"","meta":[],"product_brand":[],"product_cat":[14,332,56,53],"product_tag":[],"class_list":{"0":"post-1396","1":"product","2":"type-product","3":"status-publish","4":"has-post-thumbnail","6":"product_cat-internationale-lyrik","7":"product_cat-lyrik","8":"product_cat-norwegische-lyrik","9":"product_cat-skandinavische-lyrik","10":"pa_autor-farestad-ulrik","11":"pa_erscheinungsjahr-387","12":"pa_isbn-978-3-942955-68-3","13":"pa_seiten-391","14":"pa_uebersetzer-anders-klaus","16":"first","17":"instock","18":"shipping-taxable","19":"purchasable","20":"product-type-simple"},"_links":{"self":[{"href":"https:\/\/www.edition-rugerup.de\/index.php?rest_route=\/wp\/v2\/product\/1396","targetHints":{"allow":["GET"]}}],"collection":[{"href":"https:\/\/www.edition-rugerup.de\/index.php?rest_route=\/wp\/v2\/product"}],"about":[{"href":"https:\/\/www.edition-rugerup.de\/index.php?rest_route=\/wp\/v2\/types\/product"}],"replies":[{"embeddable":true,"href":"https:\/\/www.edition-rugerup.de\/index.php?rest_route=%2Fwp%2Fv2%2Fcomments&post=1396"}],"wp:featuredmedia":[{"embeddable":true,"href":"https:\/\/www.edition-rugerup.de\/index.php?rest_route=\/wp\/v2\/media\/1397"}],"wp:attachment":[{"href":"https:\/\/www.edition-rugerup.de\/index.php?rest_route=%2Fwp%2Fv2%2Fmedia&parent=1396"}],"wp:term":[{"taxonomy":"product_brand","embeddable":true,"href":"https:\/\/www.edition-rugerup.de\/index.php?rest_route=%2Fwp%2Fv2%2Fproduct_brand&post=1396"},{"taxonomy":"product_cat","embeddable":true,"href":"https:\/\/www.edition-rugerup.de\/index.php?rest_route=%2Fwp%2Fv2%2Fproduct_cat&post=1396"},{"taxonomy":"product_tag","embeddable":true,"href":"https:\/\/www.edition-rugerup.de\/index.php?rest_route=%2Fwp%2Fv2%2Fproduct_tag&post=1396"}],"curies":[{"name":"wp","href":"https:\/\/api.w.org\/{rel}","templated":true}]}}